{"id":906,"date":"2022-01-07T08:00:54","date_gmt":"2022-01-07T07:00:54","guid":{"rendered":"https:\/\/takeapeakwebdesign.be\/ab\/?page_id=906"},"modified":"2022-09-08T22:32:48","modified_gmt":"2022-09-08T20:32:48","slug":"partners-partenaires","status":"publish","type":"page","link":"https:\/\/albertbaertsoen.be\/fr\/partners-partenaires\/","title":{"rendered":"PARTENAIRES"},"content":{"rendered":"<div data-elementor-type=\"wp-page\" data-elementor-id=\"906\" class=\"elementor elementor-906\" data-elementor-post-type=\"page\">\n\t\t\t\t<div class=\"elementor-element elementor-element-b27e226 e-con-full e-flex e-con e-parent\" data-id=\"b27e226\" data-element_type=\"container\" data-e-type=\"container\">\n\t\t<div class=\"elementor-element elementor-element-1596adb e-con-full e-flex e-con e-child\" data-id=\"1596adb\" data-element_type=\"container\" data-e-type=\"container\">\n\t\t\t\t<div class=\"elementor-element elementor-element-7a540fb elementor-widget elementor-widget-text-editor\" data-id=\"7a540fb\" data-element_type=\"widget\" data-e-type=\"widget\" data-widget_type=\"text-editor.default\">\n\t\t\t\t\t\t\t\t\tA PROPOS DE L'AUTEUR\t\t\t\t\t\t\t\t<\/div>\n\t\t\t\t<div class=\"elementor-element elementor-element-88af420 elementor-widget elementor-widget-text-editor\" data-id=\"88af420\" data-element_type=\"widget\" data-e-type=\"widget\" data-widget_type=\"text-editor.default\">\n\t\t\t\t\t\t\t\t\t<p><a href=\"https:\/\/research.flw.ugent.be\/nl\/rene.vermeir\" target=\"_blank\" rel=\"noopener\">Ren\u00e9 Vermeir<\/a>\u00a0est professeur au d\u00e9partement d'histoire de l'Universit\u00e9 de Gand. Il est sp\u00e9cialis\u00e9 dans l'histoire politique et diplomatique de l'\u00e9poque moderne, sa recherche portant principalement sur les relations entre l'Espagne et les Pays-Bas aux XVIe et XVIIe si\u00e8cles. Il manifeste en outre un vif int\u00e9r\u00eat pour l'histoire socioculturelle des ann\u00e9es 1900. Ses ouvrages r\u00e9cents sont <em>Sous le signe du progr\u00e8s. <\/em><em>La loge ma\u00e7onnique gantoise La Libert\u00e9 (1866-1966)<\/em>, Bruxelles, 2016 (en coll. avec Jeffrey Tyssens),<em> Recueil des ordonnances des Pays-Bas, deuxi\u00e8me s\u00e9rie. R\u00e8gne de Philippe IV (1621-1665)<\/em>, Bruxelles, 2022 (4 vols.), et \u00a0<em>Albert Baertsoen. Protagoniste fin de si\u00e8cle<\/em>, Gand, 2022 (dir., en coll. avec Stefan Huygebaert et Johan De Smet).<\/p>\t\t\t\t\t\t\t\t<\/div>\n\t\t\t\t<div class=\"elementor-element elementor-element-5446afb elementor-widget elementor-widget-image\" data-id=\"5446afb\" data-element_type=\"widget\" data-e-type=\"widget\" data-widget_type=\"image.default\">\n\t\t\t\t\t\t\t\t\t\t\t\t\t\t\t\t<a href=\"https:\/\/www.ugent.be\/en\/\" target=\"_blank\" rel=\"noreferrer noopener\">\n\t\t\t\t\t\t\t<img decoding=\"async\" src=\"https:\/\/albertbaertsoen.be\/wp-content\/uploads\/elementor\/thumbs\/LOGO_UGent_Trans-rji1pvmierjhqt3do6sphqxyb9rkvzxhz37iyt47ik.png\" title=\"LOGO_UGent_Trans\" alt=\"LOGO_UGent_Trans\" loading=\"lazy\" \/>\t\t\t\t\t\t\t\t<\/a>\n\t\t\t\t\t\t\t\t\t\t\t\t\t\t\t<\/div>\n\t\t\t\t<div class=\"elementor-element elementor-element-c15b64b elementor-widget elementor-widget-text-editor\" data-id=\"c15b64b\" data-element_type=\"widget\" data-e-type=\"widget\" data-widget_type=\"text-editor.default\">\n\t\t\t\t\t\t\t\t\tLa r\u00e9alisation technique de ce catalogue raisonn\u00e9 num\u00e9rique a \u00e9t\u00e9 possible gr\u00e2ce au financement par le Fonds de Valorisation Sociale de l'Universit\u00e9 de Gand d'un projet dont le Dr Stefan Huygebaert (D\u00e9partement des Sciences de l'Art, de la Musique et du Th\u00e9\u00e2tre) est le superviseur.\t\t\t\t\t\t\t\t<\/div>\n\t\t\t\t<div class=\"elementor-element elementor-element-0d4435d elementor-widget elementor-widget-image\" data-id=\"0d4435d\" data-element_type=\"widget\" data-e-type=\"widget\" data-widget_type=\"image.default\">\n\t\t\t\t\t\t\t\t\t\t\t\t\t\t\t\t<a href=\"https:\/\/www.mskgent.be\/fr\" target=\"_blank\" rel=\"noreferrer noopener\">\n\t\t\t\t\t\t\t<img decoding=\"async\" src=\"https:\/\/albertbaertsoen.be\/wp-content\/uploads\/elementor\/thumbs\/LOGO_msk-rjgfpip8jtffvx988oz4nhc8nkgn7f3ko8ydhfj9x8.png\" title=\"\" alt=\"\" loading=\"lazy\" \/>\t\t\t\t\t\t\t\t<\/a>\n\t\t\t\t\t\t\t\t\t\t\t\t\t\t\t<\/div>\n\t\t\t\t<div class=\"elementor-element elementor-element-fe7be2e elementor-widget elementor-widget-text-editor\" data-id=\"fe7be2e\" data-element_type=\"widget\" data-e-type=\"widget\" data-widget_type=\"text-editor.default\">\n\t\t\t\t\t\t\t\t\tLe Mus\u00e9e des Beaux-Arts de Gand est un partenaire essentiel pour la recherche en histoire de l'art. La contribution scientifique du Dr Johan De Smet (curateur en chef) et l'aide logistique de Michel Burez (photographe) et Ruud Ruttens (cr\u00e9ateur graphique) ont \u00e9t\u00e9 d'une grande importance pour le contenu et la pr\u00e9sentation de ce catalogue d'\u0153uvres.\t\t\t\t\t\t\t\t<\/div>\n\t\t\t\t<div class=\"elementor-element elementor-element-256d2cf elementor-widget elementor-widget-image\" data-id=\"256d2cf\" data-element_type=\"widget\" data-e-type=\"widget\" data-widget_type=\"image.default\">\n\t\t\t\t\t\t\t\t\t\t\t\t\t\t\t\t<a href=\"https:\/\/vlerickgroup.be\/fr\/qui-sommes-nous\/\" target=\"_blank\" rel=\"noreferrer noopener\">\n\t\t\t\t\t\t\t<img decoding=\"async\" src=\"https:\/\/albertbaertsoen.be\/wp-content\/uploads\/elementor\/thumbs\/LOGO_VlerickGroup-rjgfnibougr9f0ag1gbw07v0eioya4jn711hmgh9sw.png\" title=\"\" alt=\"\" loading=\"lazy\" \/>\t\t\t\t\t\t\t\t<\/a>\n\t\t\t\t\t\t\t\t\t\t\t\t\t\t\t<\/div>\n\t\t\t\t<div class=\"elementor-element elementor-element-6c734b8 elementor-widget elementor-widget-text-editor\" data-id=\"6c734b8\" data-element_type=\"widget\" data-e-type=\"widget\" data-widget_type=\"text-editor.default\">\n\t\t\t\t\t\t\t\t\tLe soutien financier du Vlerick Group garantit la continuit\u00e9 de ce site web \u00e0 long terme. En reprenant la S.A. Union Cotonni\u00e8re (UCO) vers 2000, le Vlerick Group est li\u00e9 \u00e0 la riche histoire textile de Gand, dans laquelle la S.A. Baertsoen-Buysse a jou\u00e9 un r\u00f4le de premier plan.\t\t\t\t\t\t\t\t<\/div>\n\t\t\t\t<\/div>\n\t\t\t\t<\/div>\n\t\t\t\t<\/div>","protected":false},"excerpt":{"rendered":"<p>OVER DE AUTEUR Ren\u00e9 Vermeir\u00a0is als hoogleraar verbonden aan de vakgroep Geschiedenis van de Universiteit Gent. Hij is gespecialiseerd in de politieke en diplomatieke geschiedenis van de vroegmoderne tijd en verricht vooral wetenschappelijk onderzoek over de betrekkingen tussen Spanje en de Nederlanden in de 16e-17e eeuw. Daarnaast koestert hij een grote belangstelling voor de socio-culturele [&hellip;]<\/p>\n","protected":false},"author":3,"featured_media":10582,"parent":0,"menu_order":0,"comment_status":"closed","ping_status":"closed","template":"elementor_header_footer","meta":{"footnotes":""},"class_list":["post-906","page","type-page","status-publish","has-post-thumbnail","hentry"],"_links":{"self":[{"href":"https:\/\/albertbaertsoen.be\/fr\/wp-json\/wp\/v2\/pages\/906","targetHints":{"allow":["GET"]}}],"collection":[{"href":"https:\/\/albertbaertsoen.be\/fr\/wp-json\/wp\/v2\/pages"}],"about":[{"href":"https:\/\/albertbaertsoen.be\/fr\/wp-json\/wp\/v2\/types\/page"}],"author":[{"embeddable":true,"href":"https:\/\/albertbaertsoen.be\/fr\/wp-json\/wp\/v2\/users\/3"}],"replies":[{"embeddable":true,"href":"https:\/\/albertbaertsoen.be\/fr\/wp-json\/wp\/v2\/comments?post=906"}],"version-history":[{"count":0,"href":"https:\/\/albertbaertsoen.be\/fr\/wp-json\/wp\/v2\/pages\/906\/revisions"}],"wp:featuredmedia":[{"embeddable":true,"href":"https:\/\/albertbaertsoen.be\/fr\/wp-json\/wp\/v2\/media\/10582"}],"wp:attachment":[{"href":"https:\/\/albertbaertsoen.be\/fr\/wp-json\/wp\/v2\/media?parent=906"}],"curies":[{"name":"wp","href":"https:\/\/api.w.org\/{rel}","templated":true}]}}